{"id":18,"date":"2022-08-08T16:28:24","date_gmt":"2022-08-08T14:28:24","guid":{"rendered":"https:\/\/www2.individual-cosmetics.com\/?page_id=18"},"modified":"2026-03-13T12:05:26","modified_gmt":"2026-03-13T11:05:26","slug":"aktuelles","status":"publish","type":"page","link":"https:\/\/individual-cosmetics.com\/en\/aktuelles\/","title":{"rendered":"Current"},"content":{"rendered":"<div data-elementor-type=\"wp-page\" data-elementor-id=\"18\" class=\"elementor elementor-18\" data-elementor-post-type=\"page\">\n\t\t\t\t\t\t<section class=\"elementor-section elementor-top-section elementor-element elementor-element-2ff392a elementor-section-boxed elementor-section-height-default elementor-section-height-default\" data-id=\"2ff392a\" data-element_type=\"section\" data-e-type=\"section\" data-settings=\"{&quot;background_background&quot;:&quot;classic&quot;,&quot;_ob_glider_is_slider&quot;:&quot;no&quot;}\">\n\t\t\t\t\t\t<div class=\"elementor-container elementor-column-gap-default\">\n\t\t\t\t\t<div class=\"elementor-column elementor-col-100 elementor-top-column elementor-element elementor-element-3eef37b\" data-id=\"3eef37b\" data-element_type=\"column\" data-e-type=\"column\" data-settings=\"{&quot;_ob_column_hoveranimator&quot;:&quot;no&quot;,&quot;_ob_column_has_pseudo&quot;:&quot;no&quot;}\">\n\t\t\t<div class=\"elementor-widget-wrap elementor-element-populated\">\n\t\t\t\t\t\t\t<\/div>\n\t\t<\/div>\n\t\t\t\t\t<\/div>\n\t\t<\/section>\n\t\t\t\t<section class=\"elementor-section elementor-top-section elementor-element elementor-element-73ba1f9 elementor-section-boxed elementor-section-height-default elementor-section-height-default\" data-id=\"73ba1f9\" data-element_type=\"section\" data-e-type=\"section\" data-settings=\"{&quot;_ob_glider_is_slider&quot;:&quot;no&quot;}\">\n\t\t\t\t\t\t<div class=\"elementor-container elementor-column-gap-no\">\n\t\t\t\t\t<div class=\"elementor-column elementor-col-100 elementor-top-column elementor-element elementor-element-bf9caf7\" data-id=\"bf9caf7\" data-element_type=\"column\" data-e-type=\"column\" data-settings=\"{&quot;_ob_column_hoveranimator&quot;:&quot;no&quot;,&quot;_ob_column_has_pseudo&quot;:&quot;no&quot;}\">\n\t\t\t<div class=\"elementor-widget-wrap elementor-element-populated\">\n\t\t\t\t\t\t<div class=\"elementor-element elementor-element-a1474f4 elementor-posts--align-left elementor-grid-3 elementor-grid-tablet-2 elementor-grid-mobile-1 elementor-posts--thumbnail-top ob-has-background-overlay elementor-widget elementor-widget-posts\" data-id=\"a1474f4\" data-element_type=\"widget\" data-e-type=\"widget\" data-settings=\"{&quot;classic_row_gap&quot;:{&quot;unit&quot;:&quot;px&quot;,&quot;size&quot;:32,&quot;sizes&quot;:[]},&quot;pagination_type&quot;:&quot;load_more_infinite_scroll&quot;,&quot;classic_row_gap_laptop&quot;:{&quot;unit&quot;:&quot;px&quot;,&quot;size&quot;:24,&quot;sizes&quot;:[]},&quot;classic_columns&quot;:&quot;3&quot;,&quot;classic_columns_tablet&quot;:&quot;2&quot;,&quot;classic_columns_mobile&quot;:&quot;1&quot;,&quot;classic_row_gap_tablet&quot;:{&quot;unit&quot;:&quot;px&quot;,&quot;size&quot;:&quot;&quot;,&quot;sizes&quot;:[]},&quot;classic_row_gap_mobile&quot;:{&quot;unit&quot;:&quot;px&quot;,&quot;size&quot;:&quot;&quot;,&quot;sizes&quot;:[]},&quot;load_more_spinner&quot;:{&quot;value&quot;:&quot;fas fa-spinner&quot;,&quot;library&quot;:&quot;fa-solid&quot;},&quot;_ob_widget_stalker_use&quot;:&quot;no&quot;,&quot;_ob_poopart_use&quot;:&quot;yes&quot;,&quot;_ob_shadough_use&quot;:&quot;no&quot;,&quot;_ob_allow_hoveranimator&quot;:&quot;no&quot;}\" data-widget_type=\"posts.classic\">\n\t\t\t\t<div class=\"elementor-widget-container\">\n\t\t\t\t\t\t\t<div class=\"elementor-posts-container elementor-posts elementor-posts--skin-classic elementor-grid\" role=\"list\">\n\t\t\t\t<article class=\"elementor-post elementor-grid-item post-16100 post type-post status-publish format-standard has-post-thumbnail hentry category-neue-produkte\" role=\"listitem\">\n\t\t\t\t<a class=\"elementor-post__thumbnail__link\" href=\"https:\/\/individual-cosmetics.com\/en\/neu-verwohnendes-massageoel\/\" tabindex=\"-1\">\n\t\t\t<div class=\"elementor-post__thumbnail\"><img fetchpriority=\"high\" decoding=\"async\" width=\"800\" height=\"640\" src=\"https:\/\/individual-cosmetics.com\/wp-content\/uploads\/Massage-Oil-1024x819.webp\" class=\"attachment-large size-large wp-image-16106\" alt=\"\" title=\"\" srcset=\"https:\/\/individual-cosmetics.com\/wp-content\/uploads\/Massage-Oil-1024x819.webp 1024w, https:\/\/individual-cosmetics.com\/wp-content\/uploads\/Massage-Oil-300x240.webp 300w, https:\/\/individual-cosmetics.com\/wp-content\/uploads\/Massage-Oil-768x615.webp 768w, https:\/\/individual-cosmetics.com\/wp-content\/uploads\/Massage-Oil-15x12.webp 15w, https:\/\/individual-cosmetics.com\/wp-content\/uploads\/Massage-Oil.webp 1402w\" sizes=\"(max-width: 800px) 100vw, 800px\" \/><\/div>\n\t\t<\/a>\n\t\t\t\t<div class=\"elementor-post__text\">\n\t\t\t\t<h3 class=\"elementor-post__title\">\n\t\t\t<a href=\"https:\/\/individual-cosmetics.com\/en\/neu-verwohnendes-massageoel\/\">\n\t\t\t\tNEU &#8211; Verw\u00f6hnendes Massage\u00f6l\t\t\t<\/a>\n\t\t<\/h3>\n\t\t\t\t<div class=\"elementor-post__meta-data\">\n\t\t\t\t\t<span class=\"elementor-post-date\">\n\t\t\t18. August 2026\t\t<\/span>\n\t\t\t\t<\/div>\n\t\t\t\t<div class=\"elementor-post__excerpt\">\n\t\t\t<p>Entdecken Sie unser neues MASSAGEOIL ZenBotanics: ein verw\u00f6hnendes Massage\u00f6l auf Basis rein pflanzlicher \u00d6le \u2013 ganz ohne Mineral\u00f6l. Seine optimalen<\/p>\n\t\t<\/div>\n\t\t\t\t\t<div class=\"elementor-post__read-more-wrapper\">\n\t\t\n\t\t<a class=\"elementor-post__read-more\" href=\"https:\/\/individual-cosmetics.com\/en\/neu-verwohnendes-massageoel\/\" aria-label=\"Read more about NEU &#8211; Verw\u00f6hnendes Massage\u00f6l\" tabindex=\"-1\">\n\t\t\tContinue reading &quot;\t\t<\/a>\n\n\t\t\t\t\t<\/div>\n\t\t\t\t<\/div>\n\t\t\t\t<\/article>\n\t\t\t\t<article class=\"elementor-post elementor-grid-item post-16050 post type-post status-publish format-standard has-post-thumbnail hentry category-firmen-news\" role=\"listitem\">\n\t\t\t\t<a class=\"elementor-post__thumbnail__link\" href=\"https:\/\/individual-cosmetics.com\/en\/%f0%9f%8e%89-wir-feiern-19-jahre-pflege-schoenheit-und-vertrauen-%f0%9f%8e%89\/\" tabindex=\"-1\">\n\t\t\t<div class=\"elementor-post__thumbnail\"><img decoding=\"async\" width=\"800\" height=\"568\" src=\"https:\/\/individual-cosmetics.com\/wp-content\/uploads\/Wir-werden-19-Jahre-alt-und-schenken-euch-deshalb-compressed-1024x727.jpeg\" class=\"attachment-large size-large wp-image-16051\" alt=\"\" title=\"\" srcset=\"https:\/\/individual-cosmetics.com\/wp-content\/uploads\/Wir-werden-19-Jahre-alt-und-schenken-euch-deshalb-compressed-1024x727.jpeg 1024w, https:\/\/individual-cosmetics.com\/wp-content\/uploads\/Wir-werden-19-Jahre-alt-und-schenken-euch-deshalb-compressed-300x213.jpeg 300w, https:\/\/individual-cosmetics.com\/wp-content\/uploads\/Wir-werden-19-Jahre-alt-und-schenken-euch-deshalb-compressed-768x545.jpeg 768w, https:\/\/individual-cosmetics.com\/wp-content\/uploads\/Wir-werden-19-Jahre-alt-und-schenken-euch-deshalb-compressed-1536x1090.jpeg 1536w, https:\/\/individual-cosmetics.com\/wp-content\/uploads\/Wir-werden-19-Jahre-alt-und-schenken-euch-deshalb-compressed-18x12.jpeg 18w, https:\/\/individual-cosmetics.com\/wp-content\/uploads\/Wir-werden-19-Jahre-alt-und-schenken-euch-deshalb-compressed.jpeg 1748w\" sizes=\"(max-width: 800px) 100vw, 800px\" \/><\/div>\n\t\t<\/a>\n\t\t\t\t<div class=\"elementor-post__text\">\n\t\t\t\t<h3 class=\"elementor-post__title\">\n\t\t\t<a href=\"https:\/\/individual-cosmetics.com\/en\/%f0%9f%8e%89-wir-feiern-19-jahre-pflege-schoenheit-und-vertrauen-%f0%9f%8e%89\/\">\n\t\t\t\t\ud83c\udf89\u00a0Wir feiern 19 Jahre Pflege, Sch\u00f6nheit und Vertrauen!\u00a0\ud83c\udf89\t\t\t<\/a>\n\t\t<\/h3>\n\t\t\t\t<div class=\"elementor-post__meta-data\">\n\t\t\t\t\t<span class=\"elementor-post-date\">\n\t\t\t2. July 2026\t\t<\/span>\n\t\t\t\t<\/div>\n\t\t\t\t<div class=\"elementor-post__excerpt\">\n\t\t\t<p>Heute&nbsp;ist ein ganz besonderer Tag f\u00fcr uns: Seit&nbsp;19 Jahren&nbsp;d\u00fcrfen wir Sie mit pflegender Kosmetik begleiten, verw\u00f6hnen und begeistern. Vor 19<\/p>\n\t\t<\/div>\n\t\t\t\t\t<div class=\"elementor-post__read-more-wrapper\">\n\t\t\n\t\t<a class=\"elementor-post__read-more\" href=\"https:\/\/individual-cosmetics.com\/en\/%f0%9f%8e%89-wir-feiern-19-jahre-pflege-schoenheit-und-vertrauen-%f0%9f%8e%89\/\" aria-label=\"Read more about \ud83c\udf89\u00a0Wir feiern 19 Jahre Pflege, Sch\u00f6nheit und Vertrauen!\u00a0\ud83c\udf89\" tabindex=\"-1\">\n\t\t\tContinue reading &quot;\t\t<\/a>\n\n\t\t\t\t\t<\/div>\n\t\t\t\t<\/div>\n\t\t\t\t<\/article>\n\t\t\t\t<article class=\"elementor-post elementor-grid-item post-14858 post type-post status-publish format-standard has-post-thumbnail hentry category-firmen-news\" role=\"listitem\">\n\t\t\t\t<a class=\"elementor-post__thumbnail__link\" href=\"https:\/\/individual-cosmetics.com\/en\/neu-protect-power-med-stark-gegen-couperose\/\" tabindex=\"-1\">\n\t\t\t<div class=\"elementor-post__thumbnail\"><img decoding=\"async\" width=\"800\" height=\"504\" src=\"https:\/\/individual-cosmetics.com\/wp-content\/uploads\/Protect-Power-Med_Blog.webp\" class=\"attachment-large size-large wp-image-14861\" alt=\"\" title=\"\" srcset=\"https:\/\/individual-cosmetics.com\/wp-content\/uploads\/Protect-Power-Med_Blog.webp 1000w, https:\/\/individual-cosmetics.com\/wp-content\/uploads\/Protect-Power-Med_Blog-300x189.webp 300w, https:\/\/individual-cosmetics.com\/wp-content\/uploads\/Protect-Power-Med_Blog-768x484.webp 768w, https:\/\/individual-cosmetics.com\/wp-content\/uploads\/Protect-Power-Med_Blog-18x12.webp 18w\" sizes=\"(max-width: 800px) 100vw, 800px\" \/><\/div>\n\t\t<\/a>\n\t\t\t\t<div class=\"elementor-post__text\">\n\t\t\t\t<h3 class=\"elementor-post__title\">\n\t\t\t<a href=\"https:\/\/individual-cosmetics.com\/en\/neu-protect-power-med-stark-gegen-couperose\/\">\n\t\t\t\tNEW: PROTECT POWER med \u2013 Effective against rosacea\t\t\t<\/a>\n\t\t<\/h3>\n\t\t\t\t<div class=\"elementor-post__meta-data\">\n\t\t\t\t\t<span class=\"elementor-post-date\">\n\t\t\t16. March 2026\t\t<\/span>\n\t\t\t\t<\/div>\n\t\t\t\t<div class=\"elementor-post__excerpt\">\n\t\t\t<p>In Central and Northern Europe, an above-average number of people are affected by rosacea. As the skin becomes more sensitive with age and the<\/p>\n\t\t<\/div>\n\t\t\t\t\t<div class=\"elementor-post__read-more-wrapper\">\n\t\t\n\t\t<a class=\"elementor-post__read-more\" href=\"https:\/\/individual-cosmetics.com\/en\/neu-protect-power-med-stark-gegen-couperose\/\" aria-label=\"Read more about NEU: PROTECT POWER med &#8211; Stark gegen Couperose\" tabindex=\"-1\">\n\t\t\tContinue reading &quot;\t\t<\/a>\n\n\t\t\t\t\t<\/div>\n\t\t\t\t<\/div>\n\t\t\t\t<\/article>\n\t\t\t\t<article class=\"elementor-post elementor-grid-item post-14823 post type-post status-publish format-standard has-post-thumbnail hentry category-firmen-news\" role=\"listitem\">\n\t\t\t\t<a class=\"elementor-post__thumbnail__link\" href=\"https:\/\/individual-cosmetics.com\/en\/individual-cosmetics-kommt-nach-porto\/\" tabindex=\"-1\">\n\t\t\t<div class=\"elementor-post__thumbnail\"><img loading=\"lazy\" decoding=\"async\" width=\"800\" height=\"388\" src=\"https:\/\/individual-cosmetics.com\/wp-content\/uploads\/porto_Blog-1024x496.webp\" class=\"attachment-large size-large wp-image-14825\" alt=\"\" title=\"\" srcset=\"https:\/\/individual-cosmetics.com\/wp-content\/uploads\/porto_Blog-1024x496.webp 1024w, https:\/\/individual-cosmetics.com\/wp-content\/uploads\/porto_Blog-300x145.webp 300w, https:\/\/individual-cosmetics.com\/wp-content\/uploads\/porto_Blog-768x372.webp 768w, https:\/\/individual-cosmetics.com\/wp-content\/uploads\/porto_Blog-18x9.webp 18w, https:\/\/individual-cosmetics.com\/wp-content\/uploads\/porto_Blog.webp 1200w\" sizes=\"(max-width: 800px) 100vw, 800px\" \/><\/div>\n\t\t<\/a>\n\t\t\t\t<div class=\"elementor-post__text\">\n\t\t\t\t<h3 class=\"elementor-post__title\">\n\t\t\t<a href=\"https:\/\/individual-cosmetics.com\/en\/individual-cosmetics-kommt-nach-porto\/\">\n\t\t\t\tIndividual Cosmetics is coming to Porto\t\t\t<\/a>\n\t\t<\/h3>\n\t\t\t\t<div class=\"elementor-post__meta-data\">\n\t\t\t\t\t<span class=\"elementor-post-date\">\n\t\t\t13. March 2026\t\t<\/span>\n\t\t\t\t<\/div>\n\t\t\t\t<div class=\"elementor-post__excerpt\">\n\t\t\t<p>We are absolutely delighted to announce that we will be exhibiting for the first time at the Expocosm\u00e9tica trade fair in the beautiful city of Porto<\/p>\n\t\t<\/div>\n\t\t\t\t\t<div class=\"elementor-post__read-more-wrapper\">\n\t\t\n\t\t<a class=\"elementor-post__read-more\" href=\"https:\/\/individual-cosmetics.com\/en\/individual-cosmetics-kommt-nach-porto\/\" aria-label=\"Read more about Individual Cosmetics kommt nach Porto\" tabindex=\"-1\">\n\t\t\tContinue reading &quot;\t\t<\/a>\n\n\t\t\t\t\t<\/div>\n\t\t\t\t<\/div>\n\t\t\t\t<\/article>\n\t\t\t\t<article class=\"elementor-post elementor-grid-item post-14813 post type-post status-publish format-standard has-post-thumbnail hentry category-firmen-news\" role=\"listitem\">\n\t\t\t\t<a class=\"elementor-post__thumbnail__link\" href=\"https:\/\/individual-cosmetics.com\/en\/cosmoprof-2026\/\" tabindex=\"-1\">\n\t\t\t<div class=\"elementor-post__thumbnail\"><img loading=\"lazy\" decoding=\"async\" width=\"800\" height=\"535\" src=\"https:\/\/individual-cosmetics.com\/wp-content\/uploads\/cosmoprof2026_Blog-1024x685.webp\" class=\"attachment-large size-large wp-image-14827\" alt=\"\" title=\"\" srcset=\"https:\/\/individual-cosmetics.com\/wp-content\/uploads\/cosmoprof2026_Blog-1024x685.webp 1024w, https:\/\/individual-cosmetics.com\/wp-content\/uploads\/cosmoprof2026_Blog-300x201.webp 300w, https:\/\/individual-cosmetics.com\/wp-content\/uploads\/cosmoprof2026_Blog-768x513.webp 768w, https:\/\/individual-cosmetics.com\/wp-content\/uploads\/cosmoprof2026_Blog-18x12.webp 18w, https:\/\/individual-cosmetics.com\/wp-content\/uploads\/cosmoprof2026_Blog.webp 1400w\" sizes=\"(max-width: 800px) 100vw, 800px\" \/><\/div>\n\t\t<\/a>\n\t\t\t\t<div class=\"elementor-post__text\">\n\t\t\t\t<h3 class=\"elementor-post__title\">\n\t\t\t<a href=\"https:\/\/individual-cosmetics.com\/en\/cosmoprof-2026\/\">\n\t\t\t\tCOSMOPROF 2026\t\t\t<\/a>\n\t\t<\/h3>\n\t\t\t\t<div class=\"elementor-post__meta-data\">\n\t\t\t\t\t<span class=\"elementor-post-date\">\n\t\t\t13. March 2026\t\t<\/span>\n\t\t\t\t<\/div>\n\t\t\t\t<div class=\"elementor-post__excerpt\">\n\t\t\t<p>We are delighted to announce that we will once again be exhibiting at COSMOPROF Bologna, the world\u2019s largest cosmetics trade fair, this year<\/p>\n\t\t<\/div>\n\t\t\t\t\t<div class=\"elementor-post__read-more-wrapper\">\n\t\t\n\t\t<a class=\"elementor-post__read-more\" href=\"https:\/\/individual-cosmetics.com\/en\/cosmoprof-2026\/\" aria-label=\"Read more about COSMOPROF 2026\" tabindex=\"-1\">\n\t\t\tContinue reading &quot;\t\t<\/a>\n\n\t\t\t\t\t<\/div>\n\t\t\t\t<\/div>\n\t\t\t\t<\/article>\n\t\t\t\t<article class=\"elementor-post elementor-grid-item post-13869 post type-post status-publish format-standard has-post-thumbnail hentry category-firmen-news\" role=\"listitem\">\n\t\t\t\t<a class=\"elementor-post__thumbnail__link\" href=\"https:\/\/individual-cosmetics.com\/en\/hyaluron-hydra-power-mask\/\" tabindex=\"-1\">\n\t\t\t<div class=\"elementor-post__thumbnail\"><img loading=\"lazy\" decoding=\"async\" width=\"800\" height=\"1000\" src=\"https:\/\/individual-cosmetics.com\/wp-content\/uploads\/Hydra-mask.webp\" class=\"attachment-large size-large wp-image-13870\" alt=\"\" title=\"\" srcset=\"https:\/\/individual-cosmetics.com\/wp-content\/uploads\/Hydra-mask.webp 800w, https:\/\/individual-cosmetics.com\/wp-content\/uploads\/Hydra-mask-240x300.webp 240w, https:\/\/individual-cosmetics.com\/wp-content\/uploads\/Hydra-mask-768x960.webp 768w, https:\/\/individual-cosmetics.com\/wp-content\/uploads\/Hydra-mask-10x12.webp 10w\" sizes=\"(max-width: 800px) 100vw, 800px\" \/><\/div>\n\t\t<\/a>\n\t\t\t\t<div class=\"elementor-post__text\">\n\t\t\t\t<h3 class=\"elementor-post__title\">\n\t\t\t<a href=\"https:\/\/individual-cosmetics.com\/en\/hyaluron-hydra-power-mask\/\">\n\t\t\t\tHYALURON HYDRA POWER MASK\t\t\t<\/a>\n\t\t<\/h3>\n\t\t\t\t<div class=\"elementor-post__meta-data\">\n\t\t\t\t\t<span class=\"elementor-post-date\">\n\t\t\tNovember 25, 2025\t\t<\/span>\n\t\t\t\t<\/div>\n\t\t\t\t<div class=\"elementor-post__excerpt\">\n\t\t\t<p>Soft, moisturizing, and of the highest quality \u2013 our viscose fleece mask. Thanks to the high-quality material, the mask fits perfectly.<\/p>\n\t\t<\/div>\n\t\t\t\t\t<div class=\"elementor-post__read-more-wrapper\">\n\t\t\n\t\t<a class=\"elementor-post__read-more\" href=\"https:\/\/individual-cosmetics.com\/en\/hyaluron-hydra-power-mask\/\" aria-label=\"Read more about HYALURON HYDRA POWER MASK\" tabindex=\"-1\">\n\t\t\tContinue reading &quot;\t\t<\/a>\n\n\t\t\t\t\t<\/div>\n\t\t\t\t<\/div>\n\t\t\t\t<\/article>\n\t\t\t\t<article class=\"elementor-post elementor-grid-item post-13493 post type-post status-publish format-standard has-post-thumbnail hentry category-firmen-news\" role=\"listitem\">\n\t\t\t\t<a class=\"elementor-post__thumbnail__link\" href=\"https:\/\/individual-cosmetics.com\/en\/luxurioese-feutigkeitspflege-mit-5-fach-hyaluron-pga-2\/\" tabindex=\"-1\">\n\t\t\t<div class=\"elementor-post__thumbnail\"><img loading=\"lazy\" decoding=\"async\" width=\"800\" height=\"800\" src=\"https:\/\/individual-cosmetics.com\/wp-content\/uploads\/Moistsix-1024x1024.webp\" class=\"attachment-large size-large wp-image-13486\" alt=\"Power Concentrates Moistsix\" title=\"\" srcset=\"https:\/\/individual-cosmetics.com\/wp-content\/uploads\/Moistsix-1024x1024.webp 1024w, https:\/\/individual-cosmetics.com\/wp-content\/uploads\/Moistsix-300x300.webp 300w, https:\/\/individual-cosmetics.com\/wp-content\/uploads\/Moistsix-150x150.webp 150w, https:\/\/individual-cosmetics.com\/wp-content\/uploads\/Moistsix-768x768.webp 768w, https:\/\/individual-cosmetics.com\/wp-content\/uploads\/Moistsix-12x12.webp 12w, https:\/\/individual-cosmetics.com\/wp-content\/uploads\/Moistsix.webp 1080w\" sizes=\"(max-width: 800px) 100vw, 800px\" \/><\/div>\n\t\t<\/a>\n\t\t\t\t<div class=\"elementor-post__text\">\n\t\t\t\t<h3 class=\"elementor-post__title\">\n\t\t\t<a href=\"https:\/\/individual-cosmetics.com\/en\/luxurioese-feutigkeitspflege-mit-5-fach-hyaluron-pga-2\/\">\n\t\t\t\tLuxurious moisturizing care with 5-fold hyaluronic acid &amp; PGA\t\t\t<\/a>\n\t\t<\/h3>\n\t\t\t\t<div class=\"elementor-post__meta-data\">\n\t\t\t\t\t<span class=\"elementor-post-date\">\n\t\t\tOctober 22, 2025\t\t<\/span>\n\t\t\t\t<\/div>\n\t\t\t\t<div class=\"elementor-post__excerpt\">\n\t\t\t<p>What can our POWER CONCENTRATES MOISTSIX do?<\/p>\n\t\t<\/div>\n\t\t\t\t\t<div class=\"elementor-post__read-more-wrapper\">\n\t\t\n\t\t<a class=\"elementor-post__read-more\" href=\"https:\/\/individual-cosmetics.com\/en\/luxurioese-feutigkeitspflege-mit-5-fach-hyaluron-pga-2\/\" aria-label=\"Read more about luxurious moisturizing care with 5-fold hyaluronic acid &amp; PGA\" tabindex=\"-1\">\n\t\t\tContinue reading &quot;\t\t<\/a>\n\n\t\t\t\t\t<\/div>\n\t\t\t\t<\/div>\n\t\t\t\t<\/article>\n\t\t\t\t<article class=\"elementor-post elementor-grid-item post-13491 post type-post status-publish format-standard has-post-thumbnail hentry category-firmen-news\" role=\"listitem\">\n\t\t\t\t<a class=\"elementor-post__thumbnail__link\" href=\"https:\/\/individual-cosmetics.com\/en\/luxurioese-feutigkeitspflege-mit-5-fach-hyaluron-pga\/\" tabindex=\"-1\">\n\t\t\t<div class=\"elementor-post__thumbnail\"><img loading=\"lazy\" decoding=\"async\" width=\"800\" height=\"800\" src=\"https:\/\/individual-cosmetics.com\/wp-content\/uploads\/Exosome-1024x1024.webp\" class=\"attachment-large size-large wp-image-13496\" alt=\"Power Concentrates Exosome+\" title=\"\" srcset=\"https:\/\/individual-cosmetics.com\/wp-content\/uploads\/Exosome-1024x1024.webp 1024w, https:\/\/individual-cosmetics.com\/wp-content\/uploads\/Exosome-300x300.webp 300w, https:\/\/individual-cosmetics.com\/wp-content\/uploads\/Exosome-150x150.webp 150w, https:\/\/individual-cosmetics.com\/wp-content\/uploads\/Exosome-768x768.webp 768w, https:\/\/individual-cosmetics.com\/wp-content\/uploads\/Exosome-12x12.webp 12w, https:\/\/individual-cosmetics.com\/wp-content\/uploads\/Exosome.webp 1080w\" sizes=\"(max-width: 800px) 100vw, 800px\" \/><\/div>\n\t\t<\/a>\n\t\t\t\t<div class=\"elementor-post__text\">\n\t\t\t\t<h3 class=\"elementor-post__title\">\n\t\t\t<a href=\"https:\/\/individual-cosmetics.com\/en\/luxurioese-feutigkeitspflege-mit-5-fach-hyaluron-pga\/\">\n\t\t\t\tInnovative care formula for vital, radiant skin\t\t\t<\/a>\n\t\t<\/h3>\n\t\t\t\t<div class=\"elementor-post__meta-data\">\n\t\t\t\t\t<span class=\"elementor-post-date\">\n\t\t\tOctober 22, 2025\t\t<\/span>\n\t\t\t\t<\/div>\n\t\t\t\t<div class=\"elementor-post__excerpt\">\n\t\t\t<p>What can our POWER CONCENTRATES EXOSOME+ do?<\/p>\n\t\t<\/div>\n\t\t\t\t\t<div class=\"elementor-post__read-more-wrapper\">\n\t\t\n\t\t<a class=\"elementor-post__read-more\" href=\"https:\/\/individual-cosmetics.com\/en\/luxurioese-feutigkeitspflege-mit-5-fach-hyaluron-pga\/\" aria-label=\"Read more about the innovative care formula for vital, radiant skin.\" tabindex=\"-1\">\n\t\t\tContinue reading &quot;\t\t<\/a>\n\n\t\t\t\t\t<\/div>\n\t\t\t\t<\/div>\n\t\t\t\t<\/article>\n\t\t\t\t<article class=\"elementor-post elementor-grid-item post-12502 post type-post status-publish format-standard has-post-thumbnail hentry category-firmen-news category-beauty-blog\" role=\"listitem\">\n\t\t\t\t<a class=\"elementor-post__thumbnail__link\" href=\"https:\/\/individual-cosmetics.com\/en\/kosmetikanalyse\/\" tabindex=\"-1\">\n\t\t\t<div class=\"elementor-post__thumbnail\"><img loading=\"lazy\" decoding=\"async\" width=\"800\" height=\"534\" src=\"https:\/\/individual-cosmetics.com\/wp-content\/uploads\/87A3053-1024x683.jpg\" class=\"attachment-large size-large wp-image-8007\" alt=\"Herstellung Kosmetik\" title=\"\" srcset=\"https:\/\/individual-cosmetics.com\/wp-content\/uploads\/87A3053-1024x683.jpg 1024w, https:\/\/individual-cosmetics.com\/wp-content\/uploads\/87A3053-300x200.jpg 300w, https:\/\/individual-cosmetics.com\/wp-content\/uploads\/87A3053-768x512.jpg 768w, https:\/\/individual-cosmetics.com\/wp-content\/uploads\/87A3053-1536x1024.jpg 1536w, https:\/\/individual-cosmetics.com\/wp-content\/uploads\/87A3053-2048x1366.jpg 2048w, https:\/\/individual-cosmetics.com\/wp-content\/uploads\/87A3053-18x12.jpg 18w\" sizes=\"(max-width: 800px) 100vw, 800px\" \/><\/div>\n\t\t<\/a>\n\t\t\t\t<div class=\"elementor-post__text\">\n\t\t\t\t<h3 class=\"elementor-post__title\">\n\t\t\t<a href=\"https:\/\/individual-cosmetics.com\/en\/kosmetikanalyse\/\">\n\t\t\t\tCosmetic analysis\t\t\t<\/a>\n\t\t<\/h3>\n\t\t\t\t<div class=\"elementor-post__meta-data\">\n\t\t\t\t\t<span class=\"elementor-post-date\">\n\t\t\tAugust 14, 2025\t\t<\/span>\n\t\t\t\t<\/div>\n\t\t\t\t<div class=\"elementor-post__excerpt\">\n\t\t\t<p>Are you already a cosmetics expert or do you want to become one? Or do you simply want to know how high-quality the products you use really are?<\/p>\n\t\t<\/div>\n\t\t\t\t\t<div class=\"elementor-post__read-more-wrapper\">\n\t\t\n\t\t<a class=\"elementor-post__read-more\" href=\"https:\/\/individual-cosmetics.com\/en\/kosmetikanalyse\/\" aria-label=\"Read more about Kosmetilanalyse\" tabindex=\"-1\">\n\t\t\tContinue reading &quot;\t\t<\/a>\n\n\t\t\t\t\t<\/div>\n\t\t\t\t<\/div>\n\t\t\t\t<\/article>\n\t\t\t\t<article class=\"elementor-post elementor-grid-item post-12469 post type-post status-publish format-standard has-post-thumbnail hentry category-public-tender\" role=\"listitem\">\n\t\t\t\t<a class=\"elementor-post__thumbnail__link\" href=\"https:\/\/individual-cosmetics.com\/en\/tender_saudi_arabia\/\" tabindex=\"-1\">\n\t\t\t<div class=\"elementor-post__thumbnail\"><img loading=\"lazy\" decoding=\"async\" width=\"800\" height=\"534\" src=\"https:\/\/individual-cosmetics.com\/wp-content\/uploads\/Individual-cosmetics-1024x683.webp\" class=\"attachment-large size-large wp-image-12510\" alt=\"executive director owner individual cosmetics\" title=\"\" srcset=\"https:\/\/individual-cosmetics.com\/wp-content\/uploads\/Individual-cosmetics-1024x683.webp 1024w, https:\/\/individual-cosmetics.com\/wp-content\/uploads\/Individual-cosmetics-300x200.webp 300w, https:\/\/individual-cosmetics.com\/wp-content\/uploads\/Individual-cosmetics-768x512.webp 768w, https:\/\/individual-cosmetics.com\/wp-content\/uploads\/Individual-cosmetics-1536x1024.webp 1536w, https:\/\/individual-cosmetics.com\/wp-content\/uploads\/Individual-cosmetics-2048x1366.webp 2048w, https:\/\/individual-cosmetics.com\/wp-content\/uploads\/Individual-cosmetics-18x12.webp 18w\" sizes=\"(max-width: 800px) 100vw, 800px\" \/><\/div>\n\t\t<\/a>\n\t\t\t\t<div class=\"elementor-post__text\">\n\t\t\t\t<h3 class=\"elementor-post__title\">\n\t\t\t<a href=\"https:\/\/individual-cosmetics.com\/en\/tender_saudi_arabia\/\">\n\t\t\t\tPublic tender Saudi Arabia\t\t\t<\/a>\n\t\t<\/h3>\n\t\t\t\t<div class=\"elementor-post__meta-data\">\n\t\t\t\t\t<span class=\"elementor-post-date\">\n\t\t\tAugust 13, 2025\t\t<\/span>\n\t\t\t\t<\/div>\n\t\t\t\t<div class=\"elementor-post__excerpt\">\n\t\t\t<p>Bring German Beauty Excellence to Saudi Arabia We are a German manufacturer with nearly 20 years of experience in premium<\/p>\n\t\t<\/div>\n\t\t\t\t\t<div class=\"elementor-post__read-more-wrapper\">\n\t\t\n\t\t<a class=\"elementor-post__read-more\" href=\"https:\/\/individual-cosmetics.com\/en\/tender_saudi_arabia\/\" aria-label=\"Read more about Public tender Saudi Arabia\" tabindex=\"-1\">\n\t\t\tContinue reading &quot;\t\t<\/a>\n\n\t\t\t\t\t<\/div>\n\t\t\t\t<\/div>\n\t\t\t\t<\/article>\n\t\t\t\t<article class=\"elementor-post elementor-grid-item post-12048 post type-post status-publish format-standard has-post-thumbnail hentry category-firmen-news\" role=\"listitem\">\n\t\t\t\t<a class=\"elementor-post__thumbnail__link\" href=\"https:\/\/individual-cosmetics.com\/en\/18-jahre-expertise-die-unter-die-haut-geht\/\" tabindex=\"-1\">\n\t\t\t<div class=\"elementor-post__thumbnail\"><img loading=\"lazy\" decoding=\"async\" width=\"800\" height=\"800\" src=\"https:\/\/individual-cosmetics.com\/wp-content\/uploads\/18Jahre-1024x1024.webp\" class=\"attachment-large size-large wp-image-12041\" alt=\"18 Jahre Expertise, die unter die Haut geht\" title=\"\" srcset=\"https:\/\/individual-cosmetics.com\/wp-content\/uploads\/18Jahre-1024x1024.webp 1024w, https:\/\/individual-cosmetics.com\/wp-content\/uploads\/18Jahre-300x300.webp 300w, https:\/\/individual-cosmetics.com\/wp-content\/uploads\/18Jahre-150x150.webp 150w, https:\/\/individual-cosmetics.com\/wp-content\/uploads\/18Jahre-768x768.webp 768w, https:\/\/individual-cosmetics.com\/wp-content\/uploads\/18Jahre-12x12.webp 12w, https:\/\/individual-cosmetics.com\/wp-content\/uploads\/18Jahre.webp 1080w\" sizes=\"(max-width: 800px) 100vw, 800px\" \/><\/div>\n\t\t<\/a>\n\t\t\t\t<div class=\"elementor-post__text\">\n\t\t\t\t<h3 class=\"elementor-post__title\">\n\t\t\t<a href=\"https:\/\/individual-cosmetics.com\/en\/18-jahre-expertise-die-unter-die-haut-geht\/\">\n\t\t\t\t18 years of expertise that gets under your skin\t\t\t<\/a>\n\t\t<\/h3>\n\t\t\t\t<div class=\"elementor-post__meta-data\">\n\t\t\t\t\t<span class=\"elementor-post-date\">\n\t\t\tJuly 2, 2025\t\t<\/span>\n\t\t\t\t<\/div>\n\t\t\t\t<div class=\"elementor-post__excerpt\">\n\t\t\t<p>We&#039;re celebrating something very special\u2014our &quot;baby,&quot; Individual Cosmetics, is coming of age! Adult? Yes. Should we let it go now? Never.<\/p>\n\t\t<\/div>\n\t\t\t\t\t<div class=\"elementor-post__read-more-wrapper\">\n\t\t\n\t\t<a class=\"elementor-post__read-more\" href=\"https:\/\/individual-cosmetics.com\/en\/18-jahre-expertise-die-unter-die-haut-geht\/\" aria-label=\"Read more about 18 Jahre Expertise, die unter die Haut geht\" tabindex=\"-1\">\n\t\t\tContinue reading &quot;\t\t<\/a>\n\n\t\t\t\t\t<\/div>\n\t\t\t\t<\/div>\n\t\t\t\t<\/article>\n\t\t\t\t<article class=\"elementor-post elementor-grid-item post-11418 post type-post status-publish format-standard has-post-thumbnail hentry category-firmen-news\" role=\"listitem\">\n\t\t\t\t<a class=\"elementor-post__thumbnail__link\" href=\"https:\/\/individual-cosmetics.com\/en\/wir-haben-grossartige-neuigkeiten-fuer-sie\/\" tabindex=\"-1\">\n\t\t\t<div class=\"elementor-post__thumbnail\"><img loading=\"lazy\" decoding=\"async\" width=\"800\" height=\"800\" src=\"https:\/\/individual-cosmetics.com\/wp-content\/uploads\/BB-Cream_800x800.webp\" class=\"attachment-large size-large wp-image-11390\" alt=\"BB-Cream\" title=\"\" srcset=\"https:\/\/individual-cosmetics.com\/wp-content\/uploads\/BB-Cream_800x800.webp 800w, https:\/\/individual-cosmetics.com\/wp-content\/uploads\/BB-Cream_800x800-300x300.webp 300w, https:\/\/individual-cosmetics.com\/wp-content\/uploads\/BB-Cream_800x800-150x150.webp 150w, https:\/\/individual-cosmetics.com\/wp-content\/uploads\/BB-Cream_800x800-768x768.webp 768w, https:\/\/individual-cosmetics.com\/wp-content\/uploads\/BB-Cream_800x800-12x12.webp 12w\" sizes=\"(max-width: 800px) 100vw, 800px\" \/><\/div>\n\t\t<\/a>\n\t\t\t\t<div class=\"elementor-post__text\">\n\t\t\t\t<h3 class=\"elementor-post__title\">\n\t\t\t<a href=\"https:\/\/individual-cosmetics.com\/en\/wir-haben-grossartige-neuigkeiten-fuer-sie\/\">\n\t\t\t\tWe have great news for you:\t\t\t<\/a>\n\t\t<\/h3>\n\t\t\t\t<div class=\"elementor-post__meta-data\">\n\t\t\t\t\t<span class=\"elementor-post-date\">\n\t\t\tMay 27, 2025\t\t<\/span>\n\t\t\t\t<\/div>\n\t\t\t\t<div class=\"elementor-post__excerpt\">\n\t\t\t<p>Our popular BB Cream is now available in a new additional shade: BB Cream NATURAL \u2013 for an even finer match to<\/p>\n\t\t<\/div>\n\t\t\t\t\t<div class=\"elementor-post__read-more-wrapper\">\n\t\t\n\t\t<a class=\"elementor-post__read-more\" href=\"https:\/\/individual-cosmetics.com\/en\/wir-haben-grossartige-neuigkeiten-fuer-sie\/\" aria-label=\"Read more about Wir haben gro\u00dfartige Neuigkeiten f\u00fcr Sie:\" tabindex=\"-1\">\n\t\t\tContinue reading &quot;\t\t<\/a>\n\n\t\t\t\t\t<\/div>\n\t\t\t\t<\/div>\n\t\t\t\t<\/article>\n\t\t\t\t<article class=\"elementor-post elementor-grid-item post-11100 post type-post status-publish format-standard has-post-thumbnail hentry category-firmen-news\" role=\"listitem\">\n\t\t\t\t<a class=\"elementor-post__thumbnail__link\" href=\"https:\/\/individual-cosmetics.com\/en\/jetzt-neu-power-wirkstoff-niacinamide\/\" tabindex=\"-1\">\n\t\t\t<div class=\"elementor-post__thumbnail\"><img loading=\"lazy\" decoding=\"async\" width=\"800\" height=\"800\" src=\"https:\/\/individual-cosmetics.com\/wp-content\/uploads\/Niacinamide_IC.webp\" class=\"attachment-large size-large wp-image-11101\" alt=\"Niacinamide\" title=\"\" srcset=\"https:\/\/individual-cosmetics.com\/wp-content\/uploads\/Niacinamide_IC.webp 1000w, https:\/\/individual-cosmetics.com\/wp-content\/uploads\/Niacinamide_IC-300x300.webp 300w, https:\/\/individual-cosmetics.com\/wp-content\/uploads\/Niacinamide_IC-150x150.webp 150w, https:\/\/individual-cosmetics.com\/wp-content\/uploads\/Niacinamide_IC-768x768.webp 768w, https:\/\/individual-cosmetics.com\/wp-content\/uploads\/Niacinamide_IC-12x12.webp 12w\" sizes=\"(max-width: 800px) 100vw, 800px\" \/><\/div>\n\t\t<\/a>\n\t\t\t\t<div class=\"elementor-post__text\">\n\t\t\t\t<h3 class=\"elementor-post__title\">\n\t\t\t<a href=\"https:\/\/individual-cosmetics.com\/en\/jetzt-neu-power-wirkstoff-niacinamide\/\">\n\t\t\t\tNOW NEW: Power ingredient \u2013 Niacinamide\t\t\t<\/a>\n\t\t<\/h3>\n\t\t\t\t<div class=\"elementor-post__meta-data\">\n\t\t\t\t\t<span class=\"elementor-post-date\">\n\t\t\tApril 30, 2025\t\t<\/span>\n\t\t\t\t<\/div>\n\t\t\t\t<div class=\"elementor-post__excerpt\">\n\t\t\t<p>Nicinamide is now also part of our product family. With a 10% niacinamide content, NIACINAMIDE CONCENTRATE 10% (ref.2037) offers a particularly strong<\/p>\n\t\t<\/div>\n\t\t\t\t\t<div class=\"elementor-post__read-more-wrapper\">\n\t\t\n\t\t<a class=\"elementor-post__read-more\" href=\"https:\/\/individual-cosmetics.com\/en\/jetzt-neu-power-wirkstoff-niacinamide\/\" aria-label=\"Read more about JETZT NEU: Power-Wirkstoff \u2013 Niacinamide\" tabindex=\"-1\">\n\t\t\tContinue reading &quot;\t\t<\/a>\n\n\t\t\t\t\t<\/div>\n\t\t\t\t<\/div>\n\t\t\t\t<\/article>\n\t\t\t\t<article class=\"elementor-post elementor-grid-item post-10201 post type-post status-publish format-standard has-post-thumbnail hentry category-firmen-news\" role=\"listitem\">\n\t\t\t\t<a class=\"elementor-post__thumbnail__link\" href=\"https:\/\/individual-cosmetics.com\/en\/mitarbeiter-m-w-d-fuer-die-abfuellung-und-den-versand-von-hautpflegeprodukten\/\" tabindex=\"-1\">\n\t\t\t<div class=\"elementor-post__thumbnail\"><img loading=\"lazy\" decoding=\"async\" width=\"800\" height=\"600\" src=\"https:\/\/individual-cosmetics.com\/wp-content\/uploads\/Einkaufskorb-blog.jpg\" class=\"attachment-large size-large wp-image-10338\" alt=\"Einkaufswagen\" title=\"\" srcset=\"https:\/\/individual-cosmetics.com\/wp-content\/uploads\/Einkaufskorb-blog.jpg 800w, https:\/\/individual-cosmetics.com\/wp-content\/uploads\/Einkaufskorb-blog-300x225.jpg 300w, https:\/\/individual-cosmetics.com\/wp-content\/uploads\/Einkaufskorb-blog-768x576.jpg 768w, https:\/\/individual-cosmetics.com\/wp-content\/uploads\/Einkaufskorb-blog-16x12.jpg 16w\" sizes=\"(max-width: 800px) 100vw, 800px\" \/><\/div>\n\t\t<\/a>\n\t\t\t\t<div class=\"elementor-post__text\">\n\t\t\t\t<h3 class=\"elementor-post__title\">\n\t\t\t<a href=\"https:\/\/individual-cosmetics.com\/en\/mitarbeiter-m-w-d-fuer-die-abfuellung-und-den-versand-von-hautpflegeprodukten\/\">\n\t\t\t\tDirect delivery to Austria\t\t\t<\/a>\n\t\t<\/h3>\n\t\t\t\t<div class=\"elementor-post__meta-data\">\n\t\t\t\t\t<span class=\"elementor-post-date\">\n\t\t\tJanuary 28, 2025\t\t<\/span>\n\t\t\t\t<\/div>\n\t\t\t\t<div class=\"elementor-post__excerpt\">\n\t\t\t<p>To ensure that you continue to receive the high-quality products from Individual Cosmetics smoothly and without restrictions, we are now delivering directly<\/p>\n\t\t<\/div>\n\t\t\t\t\t<div class=\"elementor-post__read-more-wrapper\">\n\t\t\n\t\t<a class=\"elementor-post__read-more\" href=\"https:\/\/individual-cosmetics.com\/en\/mitarbeiter-m-w-d-fuer-die-abfuellung-und-den-versand-von-hautpflegeprodukten\/\" aria-label=\"Read more about Direkte Lieferung nach \u00d6sterreich\" tabindex=\"-1\">\n\t\t\tContinue reading &quot;\t\t<\/a>\n\n\t\t\t\t\t<\/div>\n\t\t\t\t<\/div>\n\t\t\t\t<\/article>\n\t\t\t\t<\/div>\n\t\t\t\t\t<span class=\"e-load-more-spinner\">\n\t\t\t\t<i aria-hidden=\"true\" class=\"fas fa-spinner\"><\/i>\t\t\t<\/span>\n\t\t\n\t\t\t\t\t\t<\/div>\n\t\t\t\t<\/div>\n\t\t\t\t\t<\/div>\n\t\t<\/div>\n\t\t\t\t\t<\/div>\n\t\t<\/section>\n\t\t\t\t<\/div>","protected":false},"excerpt":{"rendered":"","protected":false},"author":1,"featured_media":0,"parent":0,"menu_order":0,"comment_status":"closed","ping_status":"closed","template":"","meta":{"footnotes":""},"class_list":["post-18","page","type-page","status-publish","hentry"],"_links":{"self":[{"href":"https:\/\/individual-cosmetics.com\/en\/wp-json\/wp\/v2\/pages\/18","targetHints":{"allow":["GET"]}}],"collection":[{"href":"https:\/\/individual-cosmetics.com\/en\/wp-json\/wp\/v2\/pages"}],"about":[{"href":"https:\/\/individual-cosmetics.com\/en\/wp-json\/wp\/v2\/types\/page"}],"author":[{"embeddable":true,"href":"https:\/\/individual-cosmetics.com\/en\/wp-json\/wp\/v2\/users\/1"}],"replies":[{"embeddable":true,"href":"https:\/\/individual-cosmetics.com\/en\/wp-json\/wp\/v2\/comments?post=18"}],"version-history":[{"count":16,"href":"https:\/\/individual-cosmetics.com\/en\/wp-json\/wp\/v2\/pages\/18\/revisions"}],"predecessor-version":[{"id":16049,"href":"https:\/\/individual-cosmetics.com\/en\/wp-json\/wp\/v2\/pages\/18\/revisions\/16049"}],"wp:attachment":[{"href":"https:\/\/individual-cosmetics.com\/en\/wp-json\/wp\/v2\/media?parent=18"}],"curies":[{"name":"wp","href":"https:\/\/api.w.org\/{rel}","templated":true}]}}